{"id":16,"date":"2026-01-14T06:15:19","date_gmt":"2026-01-14T06:15:19","guid":{"rendered":"https:\/\/myoeme.io\/metlife-fr\/?page_id=16"},"modified":"2026-04-22T06:21:38","modified_gmt":"2026-04-22T06:21:38","slug":"employer-paid-long-term-disability","status":"publish","type":"page","link":"https:\/\/myoeme.io\/metlife-fr\/benefits\/employer-paid-long-term-disability\/","title":{"rendered":"Invalidit\u00e9 de longue dur\u00e9e pay\u00e9e par l\u2019employeur"},"content":{"rendered":"\n<div class=\"wp-block-cover alignfull disable-element-on-mobile has-aspect-ratio wp-duotone-unset-1\" style=\"padding-top:35vh;padding-bottom:65px;aspect-ratio:auto;min-height:unset;\"><img decoding=\"async\" class=\"wp-block-cover__image-background wp-image-819 size-full\" alt=\"\" src=\"https:\/\/myoeme.io\/wp-content\/uploads\/2025\/10\/disability-1.jpg\" data-object-fit=\"cover\"\/><span aria-hidden=\"true\" class=\"wp-block-cover__background has-black-background-color has-background-dim-60 has-background-dim\"><\/span><div class=\"wp-block-cover__inner-container has-global-padding is-layout-constrained wp-container-core-cover-is-layout-174515c3 wp-block-cover-is-layout-constrained\">\n<div class=\"wp-block-columns alignwide is-layout-flex wp-container-core-columns-is-layout-28f84493 wp-block-columns-is-layout-flex\">\n<div class=\"wp-block-column is-layout-flow wp-block-column-is-layout-flow\" style=\"flex-basis:72%\">\n<h2 class=\"wp-block-heading\" style=\"padding-bottom:10px;font-size:clamp(25.014px, 1.563rem + ((1vw - 3.2px) * 1.327), 42px);font-style:normal;font-weight:700\"><strong><strong>Invalidit\u00e9 de Long Terme Pay\u00e9e par l&#8217;Employeur&nbsp;<\/strong><\/strong><\/h2>\n\n\n\n<p style=\"font-size:clamp(14px, 0.875rem + ((1vw - 3.2px) * 0.313), 18px);font-style:normal;font-weight:500\">Personne ne pr\u00e9voit d&#8217;\u00eatre sans travail pendant des mois \u2014 c&#8217;est g\u00e9nial que votre entreprise fournisse la couverture dont vous avez besoin.<\/p>\n<\/div>\n\n\n\n<div class=\"wp-block-column is-vertically-aligned-center is-layout-flow wp-block-column-is-layout-flow\" style=\"flex-basis:28%\"><\/div>\n<\/div>\n<\/div><\/div>\n\n\n\n<div class=\"wp-block-cover alignfull hide-on-large-devices has-aspect-ratio wp-duotone-unset-2\" style=\"padding-top:15vh;padding-bottom:var(--wp--preset--spacing--40);aspect-ratio:auto;min-height:unset;\"><img decoding=\"async\" class=\"wp-block-cover__image-background wp-image-819 size-full\" alt=\"\" src=\"https:\/\/myoeme.io\/wp-content\/uploads\/2025\/10\/disability-1.jpg\" style=\"object-position:5% 46%\" data-object-fit=\"cover\" data-object-position=\"5% 46%\"\/><span aria-hidden=\"true\" class=\"wp-block-cover__background has-black-background-color has-background-dim-60 has-background-dim\"><\/span><div class=\"wp-block-cover__inner-container has-global-padding is-layout-constrained wp-container-core-cover-is-layout-c8cde179 wp-block-cover-is-layout-constrained\">\n<div class=\"wp-block-columns alignwide is-layout-flex wp-container-core-columns-is-layout-28f84493 wp-block-columns-is-layout-flex\">\n<div class=\"wp-block-column is-layout-flow wp-block-column-is-layout-flow\" style=\"flex-basis:72%\">\n<h2 class=\"wp-block-heading\" style=\"padding-bottom:10px;font-size:clamp(25.014px, 1.563rem + ((1vw - 3.2px) * 1.327), 42px);font-style:normal;font-weight:700\"><strong><strong>Invalidit\u00e9 de Long Terme Pay\u00e9e par l&#8217;Employeur&nbsp;<\/strong><\/strong><\/h2>\n\n\n\n<p style=\"font-size:clamp(14px, 0.875rem + ((1vw - 3.2px) * 0.313), 18px);font-style:normal;font-weight:500\">Personne ne pr\u00e9voit d&#8217;\u00eatre sans travail pendant des mois \u2014 c&#8217;est g\u00e9nial que votre entreprise fournisse la couverture dont vous avez besoin.<\/p>\n<\/div>\n<\/div>\n<\/div><\/div>\n\n\n\n<div class=\"wp-block-group alignfull has-global-padding is-content-justification-center is-layout-constrained wp-container-core-group-is-layout-f2bd6281 wp-block-group-is-layout-constrained\" style=\"padding-top:var(--wp--preset--spacing--60);padding-bottom:var(--wp--preset--spacing--60)\">\n<div class=\"wp-block-columns has-accent-3-background-color has-background is-layout-flex wp-container-core-columns-is-layout-5ba87b01 wp-block-columns-is-layout-flex\" style=\"border-right-color:var(--wp--preset--color--base);margin-top:0;margin-bottom:0;padding-top:10vh;padding-right:15px;padding-bottom:15vh;padding-left:15px\">\n<div class=\"wp-block-column is-vertically-aligned-stretch is-layout-flow wp-block-column-is-layout-flow\" style=\"flex-basis:53%\">\n<h2 class=\"wp-block-heading has-text-align-left has-contrast-color has-text-color has-link-color wp-elements-2b9049fde149c94e148f41b58c06c6e2\" style=\"padding-bottom:20px;font-size:clamp(22.041px, 1.378rem + ((1vw - 3.2px) * 1.091), 36px);font-style:normal;font-weight:700\"><strong><strong><strong><strong>Il y a 1 chance sur 4 d&#8217;\u00eatre handicap\u00e9 avant la retraite.<\/strong><\/strong><\/strong><\/strong><\/h2>\n\n\n\n<p style=\"font-size:clamp(14px, 0.875rem + ((1vw - 3.2px) * 0.469), 20px);\">Et pr\u00e8s de&nbsp;<strong>3 sur 10<\/strong>&nbsp;des b\u00e9n\u00e9ficiaires d&#8217;invalidit\u00e9 actuelle<\/p>\n\n\n\n<p style=\"font-size:clamp(14px, 0.875rem + ((1vw - 3.2px) * 0.469), 20px);\">sont&nbsp;<strong>moins de 50<\/strong>.<\/p>\n<\/div>\n\n\n\n<div class=\"wp-block-column is-vertically-aligned-center is-layout-flow wp-block-column-is-layout-flow\" style=\"padding-top:5vh;flex-basis:47%\">\n<div class=\"wp-block-group has-border-color has-base-border-color has-global-padding is-content-justification-right is-layout-constrained wp-container-core-group-is-layout-f1f2ed93 wp-block-group-is-layout-constrained\" style=\"border-width:6px;font-size:0px;box-shadow:var(--wp--preset--shadow--natural)\">\n<div style=\"padding:56.25% 0 0 0;position:relative;\"><iframe src=\"https:\/\/player.vimeo.com\/video\/1172560546?h=720f04a388&amp;badge=0&amp;autopause=0&amp;player_id=0&amp;app_id=58479\" frameborder=\"0\" allow=\"autoplay; fullscreen; picture-in-picture; clipboard-write; encrypted-media; web-share\" referrerpolicy=\"strict-origin-when-cross-origin\" style=\"position:absolute;top:0;left:0;width:100%;height:100%;\" title=\"Employee Navigator_20260113_100052_Final_English_Video_2025\"><\/iframe><\/div><script src=\"https:\/\/player.vimeo.com\/api\/player.js\"><\/script>\n<\/div>\n<\/div>\n<\/div>\n\n\n\n<div class=\"wp-block-group has-global-padding is-layout-constrained wp-block-group-is-layout-constrained\" style=\"margin-top:var(--wp--preset--spacing--60);margin-bottom:0px;padding-top:0;padding-bottom:0\">\n<h2 class=\"wp-block-heading has-text-align-left has-contrast-color has-text-color has-link-color wp-elements-f95c8388082e825c3f145ebbf6061174 wp-container-content-9cfa9a5a\" style=\"padding-top:20px;padding-bottom:var(--wp--preset--spacing--30);font-size:clamp(22.041px, 1.378rem + ((1vw - 3.2px) * 1.091), 36px);font-style:normal;font-weight:900\"><strong>Comment \u00e7a Marche<\/strong>&nbsp;<\/h2>\n\n\n\n<ul style=\"padding-bottom:40px;padding-left:var(--wp--preset--spacing--30);font-size:clamp(14px, 0.875rem + ((1vw - 3.2px) * 0.313), 18px);\" class=\"wp-block-list is-style-checkmark-list\">\n<li><strong>Remplacement de revenu mensuel<\/strong>&nbsp;<br>Fournit une&nbsp;partie&nbsp;de votre revenu chaque mois \u2014 g\u00e9n\u00e9ralement un pourcentage plus \u00e9lev\u00e9 de votre salaire \u2014 jusqu&#8217;\u00e0 un maximum mensuel pr\u00e9cis\u00e9 dans les d\u00e9tails de votre avantage.&nbsp;&nbsp;<\/li>\n\n\n\n<li><strong>Stabilit\u00e9 financi\u00e8re \u00e0 long terme<\/strong>&nbsp;<br>Les prestations LTD&nbsp;sont&nbsp;con\u00e7ues pour vous soutenir en cas de d\u00e9fis de sant\u00e9 prolong\u00e9s, vous aidant \u00e0 g\u00e9rer les d\u00e9penses essentielles et \u00e0 prot\u00e9ger votre bien-\u00eatre financier.&nbsp;<\/li>\n<\/ul>\n\n\n\n<div class=\"wp-block-group has-global-padding is-layout-constrained wp-block-group-is-layout-constrained\" style=\"border-top-color:var(--wp--preset--color--contrast);border-top-style:dotted;border-top-width:5px;margin-top:0;padding-top:var(--wp--preset--spacing--60);padding-bottom:25px\">\n<div class=\"wp-block-columns are-vertically-aligned-center is-layout-flex wp-container-core-columns-is-layout-17fc1b09 wp-block-columns-is-layout-flex\">\n<div class=\"wp-block-column is-vertically-aligned-center is-layout-flow wp-block-column-is-layout-flow\">\n<h2 class=\"wp-block-heading has-text-align-left has-contrast-color has-text-color has-link-color wp-elements-e636a9783d8d8f0b2d6460b07921428f\" style=\"padding-right:var(--wp--preset--spacing--20);padding-bottom:0;font-size:clamp(22.041px, 1.378rem + ((1vw - 3.2px) * 1.091), 36px);font-style:normal;font-weight:900\">Besoin d&#8217;aide ?<\/h2>\n<\/div>\n\n\n\n<div class=\"wp-block-column is-vertically-aligned-center is-layout-flow wp-block-column-is-layout-flow\" style=\"flex-basis:75%\">\n<p class=\"wp-container-content-47197e2f\" style=\"font-size:clamp(14px, 0.875rem + ((1vw - 3.2px) * 0.313), 18px);font-style:normal;font-weight:400\">Connectez-vous pour g\u00e9rer votre compte MetLife ou pour acc\u00e9der aux formulaires de demande et \u00e0 des ressources suppl\u00e9mentaires.<\/p>\n<\/div>\n<\/div>\n<\/div>\n\n\n\n<div class=\"wp-block-columns is-layout-flex wp-container-core-columns-is-layout-ea69a204 wp-block-columns-is-layout-flex\">\n<div class=\"wp-block-column is-style-default has-accent-3-background-color has-background is-layout-flow wp-block-column-is-layout-flow\" style=\"padding-top:35px;padding-right:35px;padding-bottom:35px;padding-left:35px;font-size:clamp(15.747px, 0.984rem + ((1vw - 3.2px) * 0.645), 24px);font-style:normal;font-weight:400\">\n<figure class=\"wp-block-image aligncenter size-full is-resized\" style=\"margin-bottom:10px\"><a href=\"https:\/\/www.metlife.com\/MWBwelcome\/claim-forms\/\" target=\"_blank\" rel=\" noreferrer noopener\"><img decoding=\"async\" src=\"https:\/\/myoeme.io\/wp-content\/uploads\/2025\/06\/tmp18fz5ez9.webp\" alt=\"\" class=\"wp-image-87\" style=\"object-fit:cover;width:60px;height:60px\"\/><\/a><\/figure>\n\n\n\n<p class=\"has-text-align-center\"><a href=\"https:\/\/www.metlife.com\/MWBwelcome\/claim-forms\/\" data-type=\"page\" data-id=\"63\" target=\"_blank\" rel=\"noreferrer noopener\">Comment D\u00e9poser une Demande<\/a><\/p>\n<\/div>\n<\/div>\n<\/div>\n<\/div>\n","protected":false},"excerpt":{"rendered":"<p>Il y a 1 chance sur 4 d&#8217;\u00eatre handicap\u00e9 avant la retraite. Et pr\u00e8s de&nbsp;3 sur 10&nbsp;des b\u00e9n\u00e9ficiaires d&#8217;invalidit\u00e9 actuelle sont&nbsp;moins de 50. Comment \u00e7a Marche&nbsp; Besoin d&#8217;aide ? Connectez-vous pour g\u00e9rer votre compte MetLife ou pour acc\u00e9der aux formulaires de demande et \u00e0 des ressources suppl\u00e9mentaires. Comment D\u00e9poser une Demande<\/p>\n","protected":false},"author":4,"featured_media":59,"parent":19,"menu_order":8,"comment_status":"closed","ping_status":"closed","template":"","meta":{"footnotes":""},"class_list":["post-16","page","type-page","status-publish","has-post-thumbnail","hentry"],"_links":{"self":[{"href":"https:\/\/myoeme.io\/metlife-fr\/wp-json\/wp\/v2\/pages\/16","targetHints":{"allow":["GET"]}}],"collection":[{"href":"https:\/\/myoeme.io\/metlife-fr\/wp-json\/wp\/v2\/pages"}],"about":[{"href":"https:\/\/myoeme.io\/metlife-fr\/wp-json\/wp\/v2\/types\/page"}],"author":[{"embeddable":true,"href":"https:\/\/myoeme.io\/metlife-fr\/wp-json\/wp\/v2\/users\/4"}],"replies":[{"embeddable":true,"href":"https:\/\/myoeme.io\/metlife-fr\/wp-json\/wp\/v2\/comments?post=16"}],"version-history":[{"count":19,"href":"https:\/\/myoeme.io\/metlife-fr\/wp-json\/wp\/v2\/pages\/16\/revisions"}],"predecessor-version":[{"id":594,"href":"https:\/\/myoeme.io\/metlife-fr\/wp-json\/wp\/v2\/pages\/16\/revisions\/594"}],"up":[{"embeddable":true,"href":"https:\/\/myoeme.io\/metlife-fr\/wp-json\/wp\/v2\/pages\/19"}],"wp:featuredmedia":[{"embeddable":true,"href":"https:\/\/myoeme.io\/metlife-fr\/wp-json\/wp\/v2\/media\/59"}],"wp:attachment":[{"href":"https:\/\/myoeme.io\/metlife-fr\/wp-json\/wp\/v2\/media?parent=16"}],"curies":[{"name":"wp","href":"https:\/\/api.w.org\/{rel}","templated":true}]}}