{"id":18,"date":"2026-04-30T11:02:01","date_gmt":"2026-04-30T11:02:01","guid":{"rendered":"https:\/\/myoeme.io\/rafteryconstructionco-fr\/?page_id=18"},"modified":"2026-04-30T12:45:05","modified_gmt":"2026-04-30T12:45:05","slug":"employer-paid-short-term-disability","status":"publish","type":"page","link":"https:\/\/myoeme.io\/rafteryconstructionco-fr\/benefits\/employer-paid-short-term-disability\/","title":{"rendered":"Invalidit\u00e9 de courte dur\u00e9e pay\u00e9e par l&#8217;employeur"},"content":{"rendered":"\n<div class=\"wp-block-cover alignfull disable-element-on-mobile has-aspect-ratio wp-duotone-unset-1\" style=\"padding-top:35vh;padding-bottom:65px;aspect-ratio:auto;min-height:unset;\"><img decoding=\"async\" class=\"wp-block-cover__image-background wp-image-227 size-large\" alt=\"\" src=\"https:\/\/myoeme.io\/wp-content\/uploads\/2025\/06\/tmp296sykvw-1024x390.webp\" data-object-fit=\"cover\"\/><span aria-hidden=\"true\" class=\"wp-block-cover__background has-black-background-color has-background-dim-60 has-background-dim\"><\/span><div class=\"wp-block-cover__inner-container has-global-padding is-layout-constrained wp-container-core-cover-is-layout-174515c3 wp-block-cover-is-layout-constrained\">\n<div class=\"wp-block-columns alignwide is-layout-flex wp-container-core-columns-is-layout-28f84493 wp-block-columns-is-layout-flex\">\n<div class=\"wp-block-column is-layout-flow wp-block-column-is-layout-flow\" style=\"flex-basis:72%\">\n<h2 class=\"wp-block-heading\" style=\"padding-bottom:10px;font-size:clamp(25.014px, 1.563rem + ((1vw - 3.2px) * 1.327), 42px);font-style:normal;font-weight:700\"><strong><strong>Invalidit\u00e9 de courte dur\u00e9e pay\u00e9e par l&#8217;employeur<\/strong><\/strong><\/h2>\n\n\n\n<p style=\"font-size:clamp(14px, 0.875rem + ((1vw - 3.2px) * 0.313), 18px);font-style:normal;font-weight:500\">La vie peut changer en un instant. Une invalidit\u00e9 de courte dur\u00e9e (ICD) peut temporairement vous emp\u00eacher de travailler en raison d&#8217;une maladie, d&#8217;une blessure ou d&#8217;une condition m\u00e9dicale. La couverture ICD aide \u00e0 remplacer une&nbsp;partie&nbsp;de vos revenus durant cette p\u00e9riode, afin que vous puissiez vous concentrer sur votre r\u00e9tablissement sans stress financier suppl\u00e9mentaire.&nbsp;<\/p>\n<\/div>\n\n\n\n<div class=\"wp-block-column is-vertically-aligned-center is-layout-flow wp-block-column-is-layout-flow\" style=\"flex-basis:28%\"><\/div>\n<\/div>\n<\/div><\/div>\n\n\n\n<div class=\"wp-block-cover alignfull hide-on-large-devices has-aspect-ratio wp-duotone-unset-2\" style=\"padding-top:15vh;padding-bottom:var(--wp--preset--spacing--40);aspect-ratio:auto;min-height:unset;\"><img decoding=\"async\" class=\"wp-block-cover__image-background wp-image-227 size-large\" alt=\"\" src=\"https:\/\/myoeme.io\/wp-content\/uploads\/2025\/06\/tmp296sykvw-1024x390.webp\" style=\"object-position:38% 46%\" data-object-fit=\"cover\" data-object-position=\"38% 46%\"\/><span aria-hidden=\"true\" class=\"wp-block-cover__background has-black-background-color has-background-dim-60 has-background-dim\"><\/span><div class=\"wp-block-cover__inner-container has-global-padding is-layout-constrained wp-container-core-cover-is-layout-c8cde179 wp-block-cover-is-layout-constrained\">\n<div class=\"wp-block-columns alignwide is-layout-flex wp-container-core-columns-is-layout-28f84493 wp-block-columns-is-layout-flex\">\n<div class=\"wp-block-column is-layout-flow wp-block-column-is-layout-flow\" style=\"flex-basis:72%\">\n<h2 class=\"wp-block-heading\" style=\"padding-bottom:10px;font-size:clamp(25.014px, 1.563rem + ((1vw - 3.2px) * 1.327), 42px);font-style:normal;font-weight:700\"><strong><strong>Invalidit\u00e9 de courte dur\u00e9e pay\u00e9e par l&#8217;employeur<\/strong><\/strong><\/h2>\n\n\n\n<p style=\"font-size:clamp(14px, 0.875rem + ((1vw - 3.2px) * 0.313), 18px);font-style:normal;font-weight:500\">La vie peut changer en un instant. Une invalidit\u00e9 de courte dur\u00e9e (ICD) peut temporairement vous emp\u00eacher de travailler en raison d&#8217;une maladie, d&#8217;une blessure ou d&#8217;une condition m\u00e9dicale. La couverture ICD aide \u00e0 remplacer une&nbsp;partie&nbsp;de vos revenus durant cette p\u00e9riode, afin que vous puissiez vous concentrer sur votre r\u00e9tablissement sans stress financier suppl\u00e9mentaire.&nbsp;<\/p>\n<\/div>\n<\/div>\n<\/div><\/div>\n\n\n\n<div class=\"wp-block-group alignfull has-global-padding is-content-justification-center is-layout-constrained wp-container-core-group-is-layout-f2bd6281 wp-block-group-is-layout-constrained\" style=\"padding-top:var(--wp--preset--spacing--60);padding-bottom:var(--wp--preset--spacing--60)\">\n<div class=\"wp-block-columns has-accent-3-background-color has-background is-layout-flex wp-container-core-columns-is-layout-5ba87b01 wp-block-columns-is-layout-flex\" style=\"border-right-color:var(--wp--preset--color--base);margin-top:0;margin-bottom:0;padding-top:10vh;padding-right:15px;padding-bottom:15vh;padding-left:15px\">\n<div class=\"wp-block-column is-vertically-aligned-stretch is-layout-flow wp-block-column-is-layout-flow\" style=\"flex-basis:53%\">\n<div class=\"wp-block-group is-vertical is-content-justification-left is-layout-flex wp-container-core-group-is-layout-b21d21b4 wp-block-group-is-layout-flex\" style=\"min-height:100%\">\n<h2 class=\"wp-block-heading has-text-align-left has-contrast-color has-text-color has-link-color wp-elements-98f570ca784193d3b1b668abc61e020c\" style=\"padding-bottom:20px;font-size:clamp(22.041px, 1.378rem + ((1vw - 3.2px) * 1.091), 36px);font-style:normal;font-weight:700\">Assurer l&#8217;un de vos plus grands actifs&#8230;<br><br>Votre capacit\u00e9 \u00e0 gagner un revenu.<\/h2>\n\n\n\n<p class=\"has-text-align-left\" style=\"font-size:clamp(14px, 0.875rem + ((1vw - 3.2px) * 0.313), 18px);font-style:normal;font-weight:400\">C&#8217;est g\u00e9nial que votre employeur vous offre une certaine tranquillit\u00e9 d&#8217;esprit en p\u00e9riode de besoin.<\/p>\n<\/div>\n<\/div>\n\n\n\n<div class=\"wp-block-column is-vertically-aligned-center is-layout-flow wp-block-column-is-layout-flow\" style=\"padding-top:5vh;flex-basis:47%\">\n<div class=\"wp-block-group has-border-color has-base-border-color has-global-padding is-content-justification-right is-layout-constrained wp-container-core-group-is-layout-f1f2ed93 wp-block-group-is-layout-constrained\" style=\"border-width:6px;font-size:0px;box-shadow:var(--wp--preset--shadow--natural)\"><div style=\"padding:56.25% 0 0 0;position:relative;\"><iframe src=\"https:\/\/player.vimeo.com\/video\/1188076569?h=3b7e4bf76e&amp;badge=0&amp;autopause=0&amp;player_id=0&amp;app_id=58479\" frameborder=\"0\" allow=\"autoplay; fullscreen; picture-in-picture; clipboard-write; encrypted-media; web-share\" referrerpolicy=\"strict-origin-when-cross-origin\" style=\"position:absolute;top:0;left:0;width:100%;height:100%;\" title=\"Employee Navigator_20260113_100052_Final_English_Video_2025\"><\/iframe><\/div><script src=\"https:\/\/player.vimeo.com\/api\/player.js\"><\/script><\/div>\n\n\n\n<div class=\"wp-block-buttons oeme-hide-multi-lang is-content-justification-center is-layout-flex wp-container-core-buttons-is-layout-f3767f4c wp-block-buttons-is-layout-flex\" style=\"margin-top:var(--wp--preset--spacing--20)\">\n<div class=\"wp-block-button oeme-background-button\"><a class=\"wp-block-button__link has-base-color has-accent-5-background-color has-text-color has-background has-link-color has-medium-font-size has-custom-font-size wp-element-button\" href=\"https:\/\/myoeme.io\/wp-content\/uploads\/sites\/789\/2026\/04\/Benefit-Summary-Employer-Paid-STD-_-60-to-600.docx\" style=\"border-radius:8px;padding-top:var(--wp--preset--spacing--20);padding-right:var(--wp--preset--spacing--40);padding-bottom:var(--wp--preset--spacing--20);padding-left:var(--wp--preset--spacing--40);text-transform:capitalize\" target=\"_blank\" rel=\"noreferrer noopener\">Ouvrir le r\u00e9sum\u00e9 des avantages<\/a><\/div>\n<\/div>\n<\/div>\n<\/div>\n\n\n\n<div class=\"wp-block-group has-global-padding is-layout-constrained wp-block-group-is-layout-constrained\" style=\"margin-top:var(--wp--preset--spacing--60);margin-bottom:0px;padding-top:15px;padding-bottom:15px\">\n<h2 class=\"wp-block-heading has-text-align-left has-contrast-color has-text-color has-link-color wp-elements-13e76f67a5e217174bc792726d4d4703 wp-container-content-9cfa9a5a\" style=\"padding-top:20px;padding-bottom:var(--wp--preset--spacing--30);font-size:clamp(22.041px, 1.378rem + ((1vw - 3.2px) * 1.091), 36px);font-style:normal;font-weight:900\"><strong>Pourquoi cette couverture est importante<\/strong>&nbsp;<\/h2>\n\n\n\n<ul style=\"padding-bottom:40px;padding-left:var(--wp--preset--spacing--30);font-size:clamp(14px, 0.875rem + ((1vw - 3.2px) * 0.313), 18px);\" class=\"wp-block-list is-style-checkmark-list\">\n<li>Le&nbsp;<strong>cause n\u00b01 d&#8217;invalidit\u00e9 de courte dur\u00e9e chez les femmes<\/strong>&nbsp;est&nbsp;<strong>la grossesse et l&#8217;accouchement<\/strong>.<\/li>\n\n\n\n<li><strong>Les conditions musculo-squelettiques<\/strong>&nbsp;\u2014 des choses comme les probl\u00e8mes de dos, de cou ou d&#8217;articulations \u2014 sont la&nbsp;<strong>principale cause au total<\/strong>&nbsp;pour tous les employ\u00e9s.<\/li>\n\n\n\n<li>Et de plus en plus,&nbsp;<strong>les conditions de sant\u00e9 mentale<\/strong>&nbsp;comme le stress, l&#8217;anxi\u00e9t\u00e9 et la d\u00e9pression sont des raisons principales pour lesquelles les gens ont besoin de temps pour se r\u00e9tablir.<\/li>\n<\/ul>\n\n\n\n<div class=\"wp-block-group has-global-padding is-layout-constrained wp-block-group-is-layout-constrained\" style=\"border-top-color:var(--wp--preset--color--contrast);border-top-style:dotted;border-top-width:5px;margin-top:0;padding-top:var(--wp--preset--spacing--60);padding-bottom:25px\">\n<div class=\"wp-block-columns are-vertically-aligned-center is-layout-flex wp-container-core-columns-is-layout-17fc1b09 wp-block-columns-is-layout-flex\">\n<div class=\"wp-block-column is-vertically-aligned-center is-layout-flow wp-block-column-is-layout-flow\">\n<h2 class=\"wp-block-heading has-text-align-left has-contrast-color has-text-color has-link-color wp-elements-9bd0b6fce68d762dd267b26bdec01ec6\" style=\"padding-right:var(--wp--preset--spacing--20);padding-bottom:0;font-size:clamp(22.041px, 1.378rem + ((1vw - 3.2px) * 1.091), 36px);font-style:normal;font-weight:900\"><strong><strong><strong><strong>Besoin d&#8217;aide ?<\/strong><\/strong><\/strong><\/strong> <\/h2>\n<\/div>\n\n\n\n<div class=\"wp-block-column is-vertically-aligned-center is-layout-flow wp-block-column-is-layout-flow\" style=\"flex-basis:75%\">\n<p class=\"wp-container-content-47197e2f\" style=\"font-size:clamp(14px, 0.875rem + ((1vw - 3.2px) * 0.313), 18px);font-style:normal;font-weight:400\">Connectez-vous pour g\u00e9rer votre compte MetLife ou pour acc\u00e9der aux formulaires de demande et aux ressources suppl\u00e9mentaires.<\/p>\n<\/div>\n<\/div>\n<\/div>\n\n\n\n<div class=\"wp-block-columns is-layout-flex wp-container-core-columns-is-layout-ea69a204 wp-block-columns-is-layout-flex\">\n<div class=\"wp-block-column is-style-default has-accent-3-background-color has-background is-layout-flow wp-block-column-is-layout-flow\" style=\"padding-top:35px;padding-right:35px;padding-bottom:35px;padding-left:35px;font-size:clamp(15.747px, 0.984rem + ((1vw - 3.2px) * 0.645), 24px);font-style:normal;font-weight:400\">\n<figure class=\"wp-block-image aligncenter size-full is-resized\" style=\"margin-bottom:10px\"><a href=\"https:\/\/www.metlife.com\/MWBwelcome\/claim-forms\/\" target=\"_blank\" rel=\" noreferrer noopener\"><img decoding=\"async\" src=\"https:\/\/myoeme.io\/wp-content\/uploads\/2025\/06\/tmp18fz5ez9.webp\" alt=\"\" class=\"wp-image-87\" style=\"object-fit:cover;width:60px;height:60px\"\/><\/a><\/figure>\n\n\n\n<p class=\"has-text-align-center\"><a href=\"https:\/\/www.metlife.com\/MWBwelcome\/claim-forms\/\" data-type=\"page\" data-id=\"63\" target=\"_blank\" rel=\"noreferrer noopener\">Comment d\u00e9poser une demande<\/a><\/p>\n<\/div>\n<\/div>\n<\/div>\n<\/div>\n\n\n\n<p><\/p>\n","protected":false},"excerpt":{"rendered":"<p>Assurer l&#8217;un de vos plus grands actifs&#8230; Votre capacit\u00e9 \u00e0 gagner un revenu. C&#8217;est g\u00e9nial que votre employeur vous offre une certaine tranquillit\u00e9 d&#8217;esprit en p\u00e9riode de besoin. Pourquoi cette couverture est importante&nbsp; Besoin d&#8217;aide ? Connectez-vous pour g\u00e9rer votre compte MetLife ou pour acc\u00e9der aux formulaires de demande et aux ressources suppl\u00e9mentaires. Comment d\u00e9poser [&hellip;]<\/p>\n","protected":false},"author":4,"featured_media":60,"parent":22,"menu_order":6,"comment_status":"closed","ping_status":"closed","template":"page-no-title","meta":{"footnotes":""},"class_list":["post-18","page","type-page","status-publish","has-post-thumbnail","hentry"],"_links":{"self":[{"href":"https:\/\/myoeme.io\/rafteryconstructionco-fr\/wp-json\/wp\/v2\/pages\/18","targetHints":{"allow":["GET"]}}],"collection":[{"href":"https:\/\/myoeme.io\/rafteryconstructionco-fr\/wp-json\/wp\/v2\/pages"}],"about":[{"href":"https:\/\/myoeme.io\/rafteryconstructionco-fr\/wp-json\/wp\/v2\/types\/page"}],"author":[{"embeddable":true,"href":"https:\/\/myoeme.io\/rafteryconstructionco-fr\/wp-json\/wp\/v2\/users\/4"}],"replies":[{"embeddable":true,"href":"https:\/\/myoeme.io\/rafteryconstructionco-fr\/wp-json\/wp\/v2\/comments?post=18"}],"version-history":[{"count":5,"href":"https:\/\/myoeme.io\/rafteryconstructionco-fr\/wp-json\/wp\/v2\/pages\/18\/revisions"}],"predecessor-version":[{"id":181,"href":"https:\/\/myoeme.io\/rafteryconstructionco-fr\/wp-json\/wp\/v2\/pages\/18\/revisions\/181"}],"up":[{"embeddable":true,"href":"https:\/\/myoeme.io\/rafteryconstructionco-fr\/wp-json\/wp\/v2\/pages\/22"}],"wp:featuredmedia":[{"embeddable":true,"href":"https:\/\/myoeme.io\/rafteryconstructionco-fr\/wp-json\/wp\/v2\/media\/60"}],"wp:attachment":[{"href":"https:\/\/myoeme.io\/rafteryconstructionco-fr\/wp-json\/wp\/v2\/media?parent=18"}],"curies":[{"name":"wp","href":"https:\/\/api.w.org\/{rel}","templated":true}]}}