{"id":25,"date":"2026-04-30T11:02:01","date_gmt":"2026-04-30T11:02:01","guid":{"rendered":"https:\/\/myoeme.io\/rafteryconstructionco-fr\/?page_id=25"},"modified":"2026-04-30T11:02:01","modified_gmt":"2026-04-30T11:02:01","slug":"cancer-critical-illness","status":"publish","type":"page","link":"https:\/\/myoeme.io\/rafteryconstructionco-fr\/benefits\/cancer-critical-illness\/","title":{"rendered":"Maladie Critique"},"content":{"rendered":"\n<div class=\"wp-block-cover alignfull disable-element-on-mobile has-aspect-ratio wp-duotone-unset-1\" style=\"padding-top:35vh;padding-bottom:65px;aspect-ratio:auto;min-height:unset;\"><img decoding=\"async\" class=\"wp-block-cover__image-background wp-image-251 size-large\" alt=\"\" src=\"https:\/\/myoeme.io\/wp-content\/uploads\/2025\/06\/tmpv5rdd7ch-1024x373.webp\" data-object-fit=\"cover\"\/><span aria-hidden=\"true\" class=\"wp-block-cover__background has-black-background-color has-background-dim-60 has-background-dim\"><\/span><div class=\"wp-block-cover__inner-container has-global-padding is-layout-constrained wp-container-core-cover-is-layout-174515c3 wp-block-cover-is-layout-constrained\">\n<div class=\"wp-block-columns alignwide is-layout-flex wp-container-core-columns-is-layout-28f84493 wp-block-columns-is-layout-flex\">\n<div class=\"wp-block-column is-layout-flow wp-block-column-is-layout-flow\" style=\"flex-basis:72%\">\n<h2 class=\"wp-block-heading\" style=\"padding-bottom:10px;font-size:clamp(25.014px, 1.563rem + ((1vw - 3.2px) * 1.327), 42px);font-style:normal;font-weight:700\"><strong><strong><strong>Cancer &amp; Maladie Critique<\/strong><\/strong><\/strong><\/h2>\n\n\n\n<p style=\"font-size:clamp(14px, 0.875rem + ((1vw - 3.2px) * 0.313), 18px);font-style:normal;font-weight:500\">R\u00e9cup\u00e9rez avec moins de soucis financiers.<\/p>\n<\/div>\n\n\n\n<div class=\"wp-block-column is-vertically-aligned-center is-layout-flow wp-block-column-is-layout-flow\" style=\"flex-basis:28%\"><\/div>\n<\/div>\n<\/div><\/div>\n\n\n\n<div class=\"wp-block-cover alignfull hide-on-large-devices has-aspect-ratio wp-duotone-unset-2\" style=\"padding-top:15vh;padding-bottom:var(--wp--preset--spacing--40);aspect-ratio:auto;min-height:unset;\"><img decoding=\"async\" class=\"wp-block-cover__image-background wp-image-251 size-large\" alt=\"\" src=\"https:\/\/myoeme.io\/wp-content\/uploads\/2025\/06\/tmpv5rdd7ch-1024x373.webp\" data-object-fit=\"cover\"\/><span aria-hidden=\"true\" class=\"wp-block-cover__background has-black-background-color has-background-dim-60 has-background-dim\"><\/span><div class=\"wp-block-cover__inner-container has-global-padding is-layout-constrained wp-container-core-cover-is-layout-c8cde179 wp-block-cover-is-layout-constrained\">\n<div class=\"wp-block-columns alignwide is-layout-flex wp-container-core-columns-is-layout-28f84493 wp-block-columns-is-layout-flex\">\n<div class=\"wp-block-column is-layout-flow wp-block-column-is-layout-flow\" style=\"flex-basis:72%\">\n<h2 class=\"wp-block-heading\" style=\"padding-bottom:10px;font-size:clamp(25.014px, 1.563rem + ((1vw - 3.2px) * 1.327), 42px);font-style:normal;font-weight:700\"><strong><strong><strong>Cancer &amp; Maladie Critique<\/strong><\/strong><\/strong><\/h2>\n\n\n\n<p style=\"font-size:clamp(14px, 0.875rem + ((1vw - 3.2px) * 0.313), 18px);font-style:normal;font-weight:500\">R\u00e9cup\u00e9rez avec moins de soucis financiers.<\/p>\n<\/div>\n<\/div>\n<\/div><\/div>\n\n\n\n<div class=\"wp-block-group alignfull has-global-padding is-content-justification-center is-layout-constrained wp-container-core-group-is-layout-f2bd6281 wp-block-group-is-layout-constrained\" style=\"padding-top:var(--wp--preset--spacing--60);padding-bottom:var(--wp--preset--spacing--60)\">\n<div class=\"wp-block-columns has-accent-3-background-color has-background is-layout-flex wp-container-core-columns-is-layout-0b25a670 wp-block-columns-is-layout-flex\" style=\"border-right-color:var(--wp--preset--color--base);margin-top:0;margin-bottom:0;padding-top:7vh;padding-right:15px;padding-bottom:7vh;padding-left:15px\">\n<div class=\"wp-block-column is-vertically-aligned-stretch is-layout-flow wp-block-column-is-layout-flow\" style=\"flex-basis:53%\">\n<div class=\"wp-block-group is-vertical is-content-justification-left is-layout-flex wp-container-core-group-is-layout-b21d21b4 wp-block-group-is-layout-flex\" style=\"min-height:100%\">\n<h2 class=\"wp-block-heading has-text-align-left has-contrast-color has-text-color has-link-color wp-elements-716950ae7334812d2c3a452119319716\" style=\"padding-bottom:20px;font-size:clamp(22.041px, 1.378rem + ((1vw - 3.2px) * 1.091), 36px);font-style:normal;font-weight:700\"><strong><strong><strong>Aidez \u00e0 r\u00e9duire l&#8217;impact financier d&#8217;une maladie grave<\/strong><\/strong><\/strong><\/h2>\n\n\n\n<p class=\"has-text-align-left\" style=\"font-size:clamp(14px, 0.875rem + ((1vw - 3.2px) * 0.313), 18px);font-style:normal;font-weight:400\">L&#8217;assurance maladie critique peut vous aider \u00e0 \u00eatre financi\u00e8rement pr\u00e9par\u00e9 pour une maladie majeure.<\/p>\n<\/div>\n<\/div>\n\n\n\n<div class=\"wp-block-column is-vertically-aligned-center is-layout-flow wp-block-column-is-layout-flow\" style=\"padding-top:0;flex-basis:47%\">\n<div class=\"wp-block-group has-border-color has-base-border-color has-global-padding is-content-justification-right is-layout-constrained wp-container-core-group-is-layout-f1f2ed93 wp-block-group-is-layout-constrained\" style=\"border-width:6px;font-size:0px;box-shadow:var(--wp--preset--shadow--natural)\">[oeme_benefithub_vimeo_embed_critical_illness_fr_standalone]<\/div>\n<\/div>\n<\/div>\n\n\n\n<div class=\"wp-block-group has-global-padding is-layout-constrained wp-block-group-is-layout-constrained\" style=\"margin-top:var(--wp--preset--spacing--60);padding-top:0px;padding-bottom:0px\">\n<h2 class=\"wp-block-heading has-text-align-left has-contrast-color has-text-color has-link-color wp-elements-3203ad62cb1fad2ae7a476d79af2909a wp-container-content-9cfa9a5a\" style=\"padding-top:var(--wp--preset--spacing--30);padding-bottom:0;font-size:clamp(22.041px, 1.378rem + ((1vw - 3.2px) * 1.091), 36px);font-style:normal;font-weight:900\"><strong><strong><strong><strong>Avantages de l&#8217;assurance indemnit\u00e9 hospitali\u00e8re<\/strong><\/strong><\/strong><\/strong><\/h2>\n\n\n\n<h3 class=\"wp-block-heading has-text-align-left has-contrast-color has-text-color has-link-color wp-elements-8be5c95591f1a1ef0655dd96535e387c wp-container-content-9cfa9a5a\" style=\"padding-top:20px;padding-bottom:var(--wp--preset--spacing--30);font-size:clamp(16.293px, 1.018rem + ((1vw - 3.2px) * 0.68), 25px);font-style:normal;font-weight:900\"><strong><strong><strong><strong><strong><strong>Paiement forfaitaire<\/strong><\/strong><\/strong><\/strong><\/strong><\/strong><\/h3>\n\n\n\n<p class=\"wp-container-content-9cfa9a5a\" style=\"font-size:clamp(14px, 0.875rem + ((1vw - 3.2px) * 0.313), 18px);font-style:normal;font-weight:400\">Vers\u00e9 directement \u00e0 vous pour que vous l&#8217;utilisiez comme bon vous semble.<\/p>\n\n\n\n<h3 class=\"wp-block-heading has-text-align-left has-contrast-color has-text-color has-link-color wp-elements-7c5d14cf7b9c90dc0c9b9dda5e0a3a47 wp-container-content-9cfa9a5a\" style=\"padding-top:20px;padding-bottom:var(--wp--preset--spacing--30);font-size:clamp(16.293px, 1.018rem + ((1vw - 3.2px) * 0.68), 25px);font-style:normal;font-weight:900\"><strong><strong><strong><strong><strong><strong><strong><strong>Soutien financier<\/strong><\/strong><\/strong><\/strong><\/strong><\/strong><\/strong><\/strong><\/h3>\n\n\n\n<p class=\"wp-container-content-9cfa9a5a\" style=\"font-size:clamp(14px, 0.875rem + ((1vw - 3.2px) * 0.313), 18px);font-style:normal;font-weight:400\">Avantages vers\u00e9s \u2014 peu importe ce que votre assurance maladie peut couvrir.<\/p>\n\n\n\n<h3 class=\"wp-block-heading has-text-align-left has-contrast-color has-text-color has-link-color wp-elements-11de4832018fa7b5e03c8e3fa3ed869a wp-container-content-9cfa9a5a\" style=\"padding-top:20px;padding-bottom:var(--wp--preset--spacing--30);font-size:clamp(16.293px, 1.018rem + ((1vw - 3.2px) * 0.68), 25px);font-style:normal;font-weight:900\"><strong><strong><strong><strong><strong><strong><strong><strong><strong>Couverture garantie<\/strong><\/strong><\/strong><\/strong><\/strong><\/strong><\/strong><\/strong><\/strong><\/h3>\n\n\n\n<p class=\"wp-container-content-9cfa9a5a\" style=\"font-size:clamp(14px, 0.875rem + ((1vw - 3.2px) * 0.313), 18px);font-style:normal;font-weight:400\">Couverture pour vous et les membres de votre famille, ind\u00e9pendamment de votre \u00e9tat de sant\u00e9.<\/p>\n\n\n\n<h2 class=\"wp-block-heading has-text-align-left has-contrast-color has-text-color has-link-color wp-elements-6a866503b71f08a894b2dfa8eeaceeed wp-container-content-9cfa9a5a\" style=\"padding-top:var(--wp--preset--spacing--30);padding-bottom:20px;font-size:clamp(22.041px, 1.378rem + ((1vw - 3.2px) * 1.091), 36px);font-style:normal;font-weight:900\"><strong><strong><strong><strong><strong><strong>Couverture con\u00e7ue autour de vous<\/strong><\/strong><\/strong><\/strong><\/strong><\/strong><\/h2>\n\n\n\n<p class=\"wp-container-content-9cfa9a5a\" style=\"padding-bottom:20px;font-size:clamp(14px, 0.875rem + ((1vw - 3.2px) * 0.313), 18px);font-style:normal;font-weight:400\">M\u00eame avec une assurance maladie, une maladie grave peut \u00eatre co\u00fbteuse. Les franchises, les co-paiements et les co\u00fbts hors r\u00e9seau peuvent s&#8217;accumuler rapidement, sans mentionner les co\u00fbts en dehors des besoins m\u00e9dicaux, comme votre hypoth\u00e8que, les frais de garde d&#8217;enfants, le transport, etc. L&#8217;assurance maladie critique peut aider \u00e0 couvrir les co\u00fbts pendant votre r\u00e9tablissement. Avec ce plan compl\u00e9mentaire de MetLife, il y a :<\/p>\n\n\n\n<ul style=\"border-style:none;border-width:0px;margin-top:0px;margin-bottom:0px;padding-left:var(--wp--preset--spacing--30)\" class=\"wp-block-list is-style-checkmark-list\">\n<li style=\"margin-top:0px;margin-bottom:0px;padding-top:10px;padding-bottom:10px;font-size:clamp(14px, 0.875rem + ((1vw - 3.2px) * 0.313), 18px);font-style:normal;font-weight:400;line-height:1.1\">Pas de p\u00e9riode d&#8217;attente pour les services \u2014 vous pouvez commencer \u00e0 les utiliser imm\u00e9diatement apr\u00e8s le d\u00e9but de la couverture.<\/li>\n\n\n\n<li style=\"margin-top:0px;margin-bottom:0px;padding-top:10px;padding-bottom:10px;font-size:clamp(14px, 0.875rem + ((1vw - 3.2px) * 0.313), 18px);font-style:normal;font-weight:400;line-height:1.1\">La possibilit\u00e9 d&#8217;emporter votre couverture avec vous si vous changez de travail ou partez \u00e0 la retraite.<\/li>\n\n\n\n<li style=\"margin-top:0px;margin-bottom:0px;padding-top:10px;padding-bottom:10px;font-size:clamp(14px, 0.875rem + ((1vw - 3.2px) * 0.313), 18px);font-style:normal;font-weight:400;line-height:1.1\">Un processus d&#8217;inscription simple et rapide qui ne prend que quelques minutes et sans questions de sant\u00e9.<\/li>\n<\/ul>\n\n\n\n<h2 class=\"wp-block-heading has-text-align-left has-contrast-color has-text-color has-link-color wp-elements-10cdddad2fe3b51de380e9262343fc55 wp-container-content-9cfa9a5a\" style=\"padding-top:var(--wp--preset--spacing--30);padding-bottom:20px;font-size:clamp(22.041px, 1.378rem + ((1vw - 3.2px) * 1.091), 36px);font-style:normal;font-weight:900\"><strong><strong><strong><strong><strong><strong>Avez-vous besoin d&#8217;une assurance indemnit\u00e9 hospitali\u00e8re ?<\/strong><\/strong><\/strong><\/strong><\/strong><\/strong><\/h2>\n\n\n\n<p class=\"wp-container-content-9cfa9a5a\" style=\"padding-bottom:20px;font-size:clamp(14px, 0.875rem + ((1vw - 3.2px) * 0.313), 18px);font-style:normal;font-weight:400\">Raisons d&#8217;envisager d&#8217;ajouter ce plan compl\u00e9mentaire \u00e0 votre couverture d&#8217;assurance :<\/p>\n\n\n\n<ul style=\"border-style:none;border-width:0px;margin-top:0px;margin-bottom:0px;padding-left:var(--wp--preset--spacing--30)\" class=\"wp-block-list is-style-checkmark-list\">\n<li style=\"margin-top:0px;margin-bottom:0px;padding-top:10px;padding-bottom:10px;font-size:clamp(14px, 0.875rem + ((1vw - 3.2px) * 0.313), 18px);font-style:normal;font-weight:400;line-height:1.1\">Vous avez des ant\u00e9c\u00e9dents personnels ou familiaux de maladie grave ou une condition m\u00e9dicale telle que le cancer, une crise cardiaque ou un AVC.<\/li>\n\n\n\n<li style=\"margin-top:0px;margin-bottom:0px;padding-top:10px;padding-bottom:10px;font-size:clamp(14px, 0.875rem + ((1vw - 3.2px) * 0.313), 18px);font-style:normal;font-weight:400;line-height:1.1\">Vous avez besoin d&#8217;une couverture pour votre conjoint ou vos enfants.<\/li>\n\n\n\n<li style=\"margin-top:0px;margin-bottom:0px;padding-top:10px;padding-bottom:10px;font-size:clamp(14px, 0.875rem + ((1vw - 3.2px) * 0.313), 18px);font-style:normal;font-weight:400;line-height:1.1\">Vous recherchez un soutien et une assurance financi\u00e8re suppl\u00e9mentaires.<\/li>\n<\/ul>\n<\/div>\n<\/div>\n\n\n\n<div class=\"wp-block-group alignfull has-accent-3-background-color has-background has-global-padding is-layout-constrained wp-container-core-group-is-layout-6b16ff14 wp-block-group-is-layout-constrained\" style=\"padding-top:var(--wp--preset--spacing--60);padding-bottom:var(--wp--preset--spacing--60)\">\n<p class=\"has-contrast-color has-text-color has-link-color wp-elements-52e4e02573c3db7e5202db806170720e wp-container-content-9cfa9a5a\" style=\"padding-bottom:20px;font-size:clamp(14px, 0.875rem + ((1vw - 3.2px) * 0.391), 19px);font-style:normal;font-weight:500\">LE SAVIEZ-VOUS ?<\/p>\n\n\n\n<h2 class=\"wp-block-heading has-text-align-left has-contrast-color has-text-color has-link-color wp-elements-5254772973f49f34cf229519361bb0a0 wp-container-content-9cfa9a5a\" style=\"padding-bottom:20px;font-size:clamp(24.034px, 1.502rem + ((1vw - 3.2px) * 1.247), 40px);font-style:normal;font-weight:700\"><strong><strong><strong><strong><strong><strong><strong><strong>Les factures m\u00e9dicales sont une cause majeure de stress financier aux \u00c9tats-Unis.<\/strong><\/strong><\/strong><\/strong><\/strong><\/strong><\/strong><\/strong><\/h2>\n\n\n\n<h2 class=\"wp-block-heading has-text-align-left has-contrast-color has-text-color has-link-color wp-elements-fdfb21fd8fa80c247235b685d054c6d5 wp-container-content-9cfa9a5a\" style=\"padding-bottom:20px;font-size:clamp(24.034px, 1.502rem + ((1vw - 3.2px) * 1.247), 40px);font-style:normal;font-weight:700\"><strong><strong><strong><strong><strong><strong><strong><strong>L&#8217;assurance maladie critique peut vous aider \u00e0 \u00eatre financi\u00e8rement pr\u00e9par\u00e9 en cas de maladie grave.<\/strong><\/strong><\/strong><\/strong><\/strong><\/strong><\/strong><\/strong><\/h2>\n<\/div>\n","protected":false},"excerpt":{"rendered":"<p>Aidez \u00e0 r\u00e9duire l&#8217;impact financier d&#8217;une maladie grave L&#8217;assurance maladie critique peut vous aider \u00e0 \u00eatre financi\u00e8rement pr\u00e9par\u00e9 pour une maladie majeure. [oeme_benefithub_vimeo_embed_critical_illness_fr_standalone] Avantages de l&#8217;assurance indemnit\u00e9 hospitali\u00e8re Paiement forfaitaire Vers\u00e9 directement \u00e0 vous pour que vous l&#8217;utilisiez comme bon vous semble. Soutien financier Avantages vers\u00e9s \u2014 peu importe ce que votre assurance maladie peut [&hellip;]<\/p>\n","protected":false},"author":4,"featured_media":66,"parent":22,"menu_order":14,"comment_status":"closed","ping_status":"closed","template":"page-no-title","meta":{"footnotes":""},"class_list":["post-25","page","type-page","status-publish","has-post-thumbnail","hentry"],"_links":{"self":[{"href":"https:\/\/myoeme.io\/rafteryconstructionco-fr\/wp-json\/wp\/v2\/pages\/25","targetHints":{"allow":["GET"]}}],"collection":[{"href":"https:\/\/myoeme.io\/rafteryconstructionco-fr\/wp-json\/wp\/v2\/pages"}],"about":[{"href":"https:\/\/myoeme.io\/rafteryconstructionco-fr\/wp-json\/wp\/v2\/types\/page"}],"author":[{"embeddable":true,"href":"https:\/\/myoeme.io\/rafteryconstructionco-fr\/wp-json\/wp\/v2\/users\/4"}],"replies":[{"embeddable":true,"href":"https:\/\/myoeme.io\/rafteryconstructionco-fr\/wp-json\/wp\/v2\/comments?post=25"}],"version-history":[{"count":2,"href":"https:\/\/myoeme.io\/rafteryconstructionco-fr\/wp-json\/wp\/v2\/pages\/25\/revisions"}],"predecessor-version":[{"id":133,"href":"https:\/\/myoeme.io\/rafteryconstructionco-fr\/wp-json\/wp\/v2\/pages\/25\/revisions\/133"}],"up":[{"embeddable":true,"href":"https:\/\/myoeme.io\/rafteryconstructionco-fr\/wp-json\/wp\/v2\/pages\/22"}],"wp:featuredmedia":[{"embeddable":true,"href":"https:\/\/myoeme.io\/rafteryconstructionco-fr\/wp-json\/wp\/v2\/media\/66"}],"wp:attachment":[{"href":"https:\/\/myoeme.io\/rafteryconstructionco-fr\/wp-json\/wp\/v2\/media?parent=25"}],"curies":[{"name":"wp","href":"https:\/\/api.w.org\/{rel}","templated":true}]}}